{"id":10234,"date":"2026-01-29T18:50:05","date_gmt":"2026-01-29T16:50:05","guid":{"rendered":"https:\/\/bsa-architecture.ch\/?page_id=10234"},"modified":"2026-02-03T14:49:13","modified_gmt":"2026-02-03T12:49:13","slug":"architecte-dinterieur-orientation-retail","status":"publish","type":"page","link":"https:\/\/bsa-architecture.ch\/fr\/architecte-dinterieur-orientation-retail\/","title":{"rendered":"Architecte d&rsquo;int\u00e9rieur orientation RETAIL"},"content":{"rendered":"\n\t<section class=\"section\" id=\"section_1553728507\">\n\t\t<div class=\"section-bg fill\" >\n\t\t\t<img data-recalc-dims=\"1\" loading=\"lazy\" decoding=\"async\" width=\"1020\" height=\"681\" src=\"https:\/\/i0.wp.com\/bsa-architecture.ch\/wp-content\/uploads\/2025\/02\/172.jpg?resize=1020%2C681&#038;ssl=1\" class=\"bg attachment-original size-original\" alt=\"\" \/>\t\t\t\t\t\t\n\t\t\t\n\n\t\t<\/div>\n\n\t\t\n\n\t\t<div class=\"section-content relative\">\n\t\t\t\n\t\t<\/div>\n\n\t\t\n<style>\n#section_1553728507 {\n  padding-top: 30px;\n  padding-bottom: 30px;\n  min-height: 300px;\n}\n#section_1553728507 .section-bg img {\n  object-position: 64% 49%;\n}\n@media (min-width:550px) {\n  #section_1553728507 {\n    min-height: 400px;\n  }\n}\n@media (min-width:850px) {\n  #section_1553728507 {\n    min-height: 500px;\n  }\n}\n<\/style>\n\t<\/section>\n\t\n\n\t<section class=\"section\" id=\"section_167909676\">\n\t\t<div class=\"section-bg fill\" >\n\t\t\t\t\t\t\t\t\t\n\t\t\t\n\n\t\t<\/div>\n\n\t\t\n\n\t\t<div class=\"section-content relative\">\n\t\t\t\n<div class=\"row align-middle align-center\"  id=\"row-1997742426\">\n\n\t<div id=\"col-1035238806\" class=\"col medium-12 small-12 large-6\"  >\n\t\t\t\t<div class=\"col-inner text-center\"  >\n\t\t\t\n\t\t\t\n\t<div id=\"text-723427573\" class=\"text\">\n\t\t\n<p style=\"text-align: center;\"><strong><span style=\"font-family: gothan-pro-light;\">BSA recrute :<\/span><\/strong><\/p>\n\t\t\n<style>\n#text-723427573 {\n  font-size: 1.1rem;\n}\n@media (min-width:550px) {\n  #text-723427573 {\n    font-size: 1.7rem;\n  }\n}\n<\/style>\n\t<\/div>\n\t\n\t<div id=\"gap-2064908147\" class=\"gap-element clearfix\" style=\"display:block; height:auto;\">\n\t\t\n<style>\n#gap-2064908147 {\n  padding-top: 10px;\n}\n@media (min-width:550px) {\n  #gap-2064908147 {\n    padding-top: 20px;\n  }\n}\n@media (min-width:850px) {\n  #gap-2064908147 {\n    padding-top: 30px;\n  }\n}\n<\/style>\n\t<\/div>\n\t\n\t<div id=\"text-587021116\" class=\"text\">\n\t\t\n<h1>Architecte d&rsquo;int\u00e9rieur orientation RETAIL<\/h1>\n\t\t\n<style>\n#text-587021116 {\n  font-size: 1.05rem;\n  line-height: 1.55;\n  text-align: center;\n  color: rgb(63, 63, 63);\n}\n#text-587021116 > * {\n  color: rgb(63, 63, 63);\n}\n@media (min-width:550px) {\n  #text-587021116 {\n    font-size: 1.55rem;\n  }\n}\n<\/style>\n\t<\/div>\n\t\n\t\t<\/div>\n\t\t\t\t\n<style>\n#col-1035238806 > .col-inner {\n  padding: 0px 10% 0px 10px;\n}\n<\/style>\n\t<\/div>\n\n\t\n\n\t<div id=\"col-726919245\" class=\"col medium-12 small-12 large-6\"  >\n\t\t\t\t<div class=\"col-inner\" style=\"background-color:rgb(243, 243, 243);\" >\n\t\t\t\n\t<div class=\"is-border\"\n\t\tstyle=\"border-color:rgb(44, 44, 44);border-width:10px 0px 0px 0px;\">\n\t<\/div>\n\t\t\t\n\t<div id=\"text-2331147734\" class=\"text\">\n\t\t\n<h3><span style=\"font-family: gothanprobold;\">Contexte<\/span><\/h3>\n\t\t\n<style>\n#text-2331147734 {\n  font-size: 1.25rem;\n}\n<\/style>\n\t<\/div>\n\t\n\t<div id=\"text-4018693857\" class=\"text\">\n\t\t\n<p style=\"text-align: justify;\"><span style=\"font-family: gothan-pro-light;\">BSA Architecture SA est active dans diff\u00e9rents domaines de l&rsquo;architecture, allant des commerces aux \u00e9tablissements h\u00f4teliers, en passant par la restauration, les pharmacies, les b\u00e2timents historiques et les r\u00e9sidences, sur tout le territoire suisse. Gr\u00e2ce \u00e0 une diversit\u00e9 de projets de diff\u00e9rentes tailles et \u00e0 une client\u00e8le B2B ainsi que B2C, BSA Architecture poss\u00e8de un large \u00e9ventail de comp\u00e9tences dans son domaine d&rsquo;activit\u00e9. <\/span><\/p>\n<p style=\"text-align: justify;\"><span style=\"font-family: gothan-pro-light;\">Dans le cadre de notre expansion et pour renforcer notre \u00e9quipe d&rsquo;une vingtaine de collaborateurs dynamiques et motiv\u00e9s, nous cherchons un(e) futur(e) coll\u00e8gue, Architecte \/ Architecte d\u2019int\u00e9rieur, passionn\u00e9(e) et rigoureux(se), avec une exp\u00e9rience et un attrait pour le secteur du RETAIL.\u00a0<\/span><\/p>\n<p style=\"text-align: justify;\"><span style=\"font-family: gothanprobold; font-size: 150%;\">Nos valeurs<\/span><\/p>\n<p style=\"text-align: justify;\"><span style=\"font-family: gothan-pro-light;\">Les comp\u00e9tences des collaboratrices et des collaborateurs ne peuvent s\u2019exprimer pleinement que si leur environnement et leurs conditions de travail sont source de bien-\u00eatre et de satisfaction, tout en favorisant l\u2019efficience, la qualit\u00e9 et l\u2019innovation. Nos actions men\u00e9es tendent toutes vers cet objectif.<\/span><\/p>\n<p style=\"text-align: justify;\"><span style=\"font-family: gothan-pro-light;\">Nous investissons dans des initiatives strat\u00e9giques ax\u00e9es sur le d\u00e9veloppement des comp\u00e9tences, l\u2019accompagnement professionnel, la coh\u00e9sion d\u2019\u00e9quipe, et l\u2019alignement de tous autour de notre vision commune.<\/span><\/p>\n\t\t\n<style>\n#text-4018693857 {\n  font-size: 0.9rem;\n}\n@media (min-width:550px) {\n  #text-4018693857 {\n    font-size: 1.05rem;\n  }\n}\n<\/style>\n\t<\/div>\n\t\n\t\t<\/div>\n\t\t\t\t\n<style>\n#col-726919245 > .col-inner {\n  padding: 15% 10px 5% 10px;\n  margin: 0 0px 0px 0px;\n}\n@media (min-width:550px) {\n  #col-726919245 > .col-inner {\n    padding: 10% 10% 8% 10%;\n  }\n}\n@media (min-width:850px) {\n  #col-726919245 > .col-inner {\n    padding: 10% 10% 10% 10%;\n    margin: -172px 0px 0px 0px;\n  }\n}\n<\/style>\n\t<\/div>\n\n\t\n<\/div>\n\t\t<\/div>\n\n\t\t\n<style>\n#section_167909676 {\n  padding-top: 30px;\n  padding-bottom: 30px;\n}\n<\/style>\n\t<\/section>\n\t\n<div class=\"row align-middle align-center\"  id=\"row-422207460\">\n\n\n\t<div id=\"col-2015696541\" class=\"col medium-10 small-12 large-10\"  >\n\t\t\t\t<div class=\"col-inner\" style=\"background-color:rgb(250, 250, 250);\" >\n\t\t\t\n\t\t\t\n<div class=\"row\"  id=\"row-2006510006\">\n\n\t<div id=\"col-1538285848\" class=\"col medium-6 small-12 large-6\"  >\n\t\t\t\t<div class=\"col-inner\"  >\n\t\t\t\n\t\t\t\n\t<div id=\"text-1385164541\" class=\"text\">\n\t\t\n<p><span style=\"font-family: gothanprobold;\">Date d\u2019entr\u00e9e souhait\u00e9e : De suite ou \u00e0 convenir<\/span><\/p>\n<p><span style=\"font-family: gothanprobold;\">Salaire : selon profil<\/span><br \/>\n\t\t\n<style>\n#text-1385164541 {\n  font-size: 1rem;\n  line-height: 1.15;\n}\n@media (min-width:550px) {\n  #text-1385164541 {\n    font-size: 1.05rem;\n    line-height: 1.05;\n  }\n}\n<\/style>\n\t<\/div>\n\t\n\t\t<\/div>\n\t\t\t\t\t<\/div>\n\n\t\n\n\t<div id=\"col-68360358\" class=\"col medium-6 small-12 large-6\"  >\n\t\t\t\t<div class=\"col-inner\"  >\n\t\t\t\n\t\t\t\n\t<div id=\"text-2165514840\" class=\"text\">\n\t\t\n<p><span style=\"font-family: gothanprobold;\">Taux de travail : 80% &#8211; 100%<\/span><\/p>\n<p><span style=\"font-family: gothanprobold;\">Lieu de travail : Puidoux <\/span><br \/>\n\t\t\n<style>\n#text-2165514840 {\n  font-size: 1rem;\n  line-height: 1.15;\n  text-align: left;\n}\n@media (min-width:550px) {\n  #text-2165514840 {\n    font-size: 1.05rem;\n    line-height: 0.75;\n    text-align: right;\n  }\n}\n<\/style>\n\t<\/div>\n\t\n\t\t<\/div>\n\t\t\t\t\t<\/div>\n\n\t\n<\/div>\n\t\t<\/div>\n\t\t\t\t\n<style>\n#col-2015696541 > .col-inner {\n  padding: 50px 10px 0px 10px;\n}\n@media (min-width:550px) {\n  #col-2015696541 > .col-inner {\n    padding: 50px 40px 0px 40px;\n  }\n}\n<\/style>\n\t<\/div>\n\n\t\n\n<\/div>\n<div class=\"text-center\"><div class=\"is-divider divider clearfix\" ><\/div><\/div>\n\t<div id=\"gap-422429611\" class=\"gap-element clearfix\" style=\"display:block; height:auto;\">\n\t\t\n<style>\n#gap-422429611 {\n  padding-top: 30px;\n}\n<\/style>\n\t<\/div>\n\t\n<div class=\"row align-center\"  id=\"row-289457077\">\n\n\n\t<div id=\"col-224765564\" class=\"col medium-10 small-12 large-10\"  >\n\t\t\t\t<div class=\"col-inner\" style=\"background-color:rgb(250, 250, 250);\" >\n\t\t\t\n\t\t\t\n\t<div id=\"text-848955222\" class=\"text\">\n\t\t\n<h4><span style=\"font-family: gothan-pro-light;\"><strong>Missions :<\/strong><\/span><\/h4>\n<ul>\n<li><span style=\"font-family: gothan-pro-light;\">Elaboration des plans pour toutes les phases SIA<\/span><\/li>\n<li><span style=\"font-family: gothan-pro-light;\">Gestion de projets selon les diff\u00e9rentes phases SIA.<\/span><\/li>\n<li><span style=\"font-family: gothan-pro-light;\">Gestion de budgets, plannings et soumissions<\/span><\/li>\n<li><span style=\"font-family: gothan-pro-light;\">Etablir des dossiers de demandes d&rsquo;autorisations de construire<\/span><\/li>\n<li><span style=\"font-family: gothan-pro-light;\">Gestion des appels d&rsquo;offres et demandes de devis<\/span><\/li>\n<li><span style=\"font-family: gothan-pro-light;\">Gestion des adjudications et des contrats d&rsquo;entreprises<\/span><\/li>\n<li><span style=\"font-family: gothan-pro-light;\">Planification et direction des travaux \/ suivi des chantiers \/ r\u00e9daction des PV\u00a0<\/span><\/li>\n<\/ul>\n<h4><span style=\"font-family: gothan-pro-light;\"><strong>Exigences du poste :<\/strong><\/span><\/h4>\n<ul>\n<li><span style=\"font-family: gothan-pro-light;\">Formation d\u2019architecte ou d\u2019architecte d\u2019int\u00e9rieur reconnue : 3-5ans d\u2019exp\u00e9rience professionnelle<\/span><\/li>\n<li><span style=\"font-family: gothan-pro-light;\">Ma\u00eetrise des outils informatiques architecturaux usuels, ArchiCad, Messerli<\/span><\/li>\n<li><span style=\"font-family: gothan-pro-light;\">Un r\u00e9el int\u00e9r\u00eat pour le Retail et la direction des travaux<\/span><\/li>\n<li><span style=\"font-family: gothan-pro-light;\">Votre autonomie et votre sens de l\u2019analyse vous permettent de contribuer activement \u00e0 la r\u00e9ussite des projets<\/span><\/li>\n<li><span style=\"font-family: gothan-pro-light;\">Vous alliez sens du collectif et entregent pour cr\u00e9er des relations de travail harmonieuses et efficaces<\/span><\/li>\n<li><span style=\"font-family: gothan-pro-light;\">Maitrise du fran\u00e7ais et l\u2019allemand niveau B2 est un atout\u00a0<\/span><\/li>\n<\/ul>\n<h4><span style=\"font-family: gothan-pro-light;\"><strong>Travailler chez BSA-Architecture :<\/strong><\/span><\/h4>\n<ul>\n<li><span style=\"font-family: gothan-pro-light;\">Prestations sociales de premier ordre<\/span><\/li>\n<li><span style=\"font-family: gothan-pro-light;\">Horaires semi-flexibles &amp; cinq semaines de vacances<\/span><\/li>\n<li><span style=\"font-family: gothan-pro-light;\">Progression salariale + formation continue<\/span><\/li>\n<li><span style=\"font-family: gothan-pro-light;\">Environnement de travail agr\u00e9able et un esprit d\u2019\u00e9quipe qui va au-del\u00e0 de \u00ab bien s\u2019entendre \u00bb\u00a0<\/span><\/li>\n<\/ul>\n\t\t\n<style>\n#text-848955222 {\n  font-size: 0.9rem;\n}\n@media (min-width:550px) {\n  #text-848955222 {\n    font-size: 1.05rem;\n  }\n}\n<\/style>\n\t<\/div>\n\t\n<div class=\"row\"  id=\"row-32014446\">\n\n\t<div id=\"col-122546979\" class=\"col small-12 large-12\"  >\n\t\t\t\t<div class=\"col-inner\" style=\"background-color:rgb(243, 243, 243);\" >\n\t\t\t\n\t\t\t\n\t<div id=\"text-4285097743\" class=\"text\">\n\t\t\n<p style=\"text-align: center;\">Dossier de candidature complet (lettre de motivation, CV, Dipl\u00f4mes, Certificats de travail)<\/p>\n\t\t\n<style>\n#text-4285097743 {\n  font-size: 1.15rem;\n  line-height: 1.1;\n  color: rgb(95, 95, 95);\n}\n#text-4285097743 > * {\n  color: rgb(95, 95, 95);\n}\n@media (min-width:550px) {\n  #text-4285097743 {\n    font-size: 1.95rem;\n  }\n}\n<\/style>\n\t<\/div>\n\t\n\t<div id=\"text-1512197165\" class=\"text\">\n\t\t\n<p><span style=\"font-family: gothan-pro-light;\">Merci de remplir ce formulaire pour postuler<\/span><br \/>\n\t\t\n<style>\n#text-1512197165 {\n  font-size: 0.9rem;\n}\n@media (min-width:550px) {\n  #text-1512197165 {\n    font-size: 1.05rem;\n  }\n}\n<\/style>\n\t<\/div>\n\t\n<div class=\"forminator-ui forminator-custom-form forminator-custom-form-7341 forminator-design--default  forminator_ajax\" data-forminator-render=\"0\" data-form=\"forminator-module-7341\" data-uid=\"6a9a6d2f4daff\"><br\/><\/div><form\n\t\t\t\tid=\"forminator-module-7341\"\n\t\t\t\tclass=\"forminator-ui forminator-custom-form forminator-custom-form-7341 forminator-design--default  forminator_ajax\"\n\t\t\t\tmethod=\"post\"\n\t\t\t\tdata-forminator-render=\"0\"\n\t\t\t\tdata-form-id=\"7341\"\n\t\t\t\tenctype=\"multipart\/form-data\" data-color-option=\"theme\" data-design=\"default\" data-grid=\"open\" style=\"display: none;\"\n\t\t\t\tdata-uid=\"6a9a6d2f4daff\"\n\t\t\t><div role=\"alert\" aria-live=\"polite\" class=\"forminator-response-message forminator-error\" aria-hidden=\"true\"><\/div><div class=\"forminator-row\"><div id=\"name-1\" class=\"forminator-field-name forminator-col forminator-col-4 \"><div class=\"forminator-field\"><label for=\"forminator-field-name-1_6a9a6d2f4daff\" id=\"forminator-field-name-1_6a9a6d2f4daff-label\" class=\"forminator-label\">Votre nom complet<\/label><input type=\"text\" name=\"name-1\" value=\"\" placeholder=\"\" id=\"forminator-field-name-1_6a9a6d2f4daff\" class=\"forminator-input forminator-name--field\" aria-required=\"false\" autocomplete=\"name\" \/><\/div><\/div><div id=\"email-1\" class=\"forminator-field-email forminator-col forminator-col-4 \"><div class=\"forminator-field\"><label for=\"forminator-field-email-1_6a9a6d2f4daff\" id=\"forminator-field-email-1_6a9a6d2f4daff-label\" class=\"forminator-label\">Votre adresse mail<\/label><input type=\"email\" name=\"email-1\" value=\"\" placeholder=\"\" id=\"forminator-field-email-1_6a9a6d2f4daff\" class=\"forminator-input forminator-email--field\" data-required=\"\" aria-required=\"false\" autocomplete=\"email\" \/><\/div><\/div><div id=\"name-2\" class=\"forminator-field-name forminator-col forminator-col-4 \"><div class=\"forminator-field\"><label for=\"forminator-field-name-2_6a9a6d2f4daff\" id=\"forminator-field-name-2_6a9a6d2f4daff-label\" class=\"forminator-label\">Poste concern\u00e9 <span class=\"forminator-required\">*<\/span><\/label><input type=\"text\" name=\"name-2\" value=\"\" placeholder=\"\" id=\"forminator-field-name-2_6a9a6d2f4daff\" class=\"forminator-input forminator-name--field\" aria-required=\"true\" autocomplete=\"name\" aria-describedby=\"forminator-field-name-2_6a9a6d2f4daff-description\" \/><span id=\"forminator-field-name-2_6a9a6d2f4daff-description\" class=\"forminator-description\">Veuillez indiquer le titre du poste auquel vous postulez<\/span><\/div><\/div><\/div><div class=\"forminator-row\"><div id=\"upload-1\" class=\"forminator-field-upload forminator-col forminator-col-12 \"><div class=\"forminator-field\"><label for=\"forminator-field-upload-1_6a9a6d2f4daff\" id=\"forminator-field-upload-1_6a9a6d2f4daff-label\" class=\"forminator-label\">Chargez votre dossier complet <span class=\"forminator-required\">*<\/span><\/label><div class=\"forminator-multi-upload \" data-element=\"upload-1_6a9a6d2f4daff\" aria-describedby=\"forminator-field-upload-1_6a9a6d2f4daff-description\"><input type=\"file\" name=\"upload-1[]\" id=\"forminator-field-upload-1_6a9a6d2f4daff\" class=\"forminator-input-file-required do-validate forminator-field-upload-1_6a9a6d2f4daff-7341\" multiple=\"multiple\" data-method=\"ajax\" accept=\".avif,.tar,.zip,.gz,.gzip,.7z,.json,.ttf,.otf,.svgz,.doc,.docx,.pdf,.asf,.asx,.wmv,.wmx,.wm,.avi,.divx,.flv,.mov,.qt,.mpeg,.mpg,.mpe,.mp4,.m4v,.ogv,.webm,.mkv,.3gp,.3gpp,.3g2,.3gp2,.mp3,.m4a,.m4b,.ra,.ram,.wav,.ogg,.oga,.mid,.midi,.wma,.wax,.mka,.aac,.flac,.pot,.pps,.ppt,.wri,.mdb,.mpp,.docm,.dotx,.dotm,.onetoc,.onetoc2,.onetmp,.onepkg,.odt,.odp,.odg,.odc,.odb,.odf,.pages,.wp,.wpd,.oxps,.xps,.jpg,.jpeg,.jpe,.gif,.png,.bmp,.tiff,.tif,.ico,.psd,.xcf,.heic,.webp,.txt,.asc,.c,.cc,.h,.srt,.csv,.tsv,.ics,.rtx,.rtf,.vtt,.xla,.xls,.xlt,.xlw,.xlsx,.xlsm,.xlsb,.xltx,.xltm,.xlam,.ods,.numbers,.class,.key,.pptx,.pptm,.ppsx,.ppsm,.potx,.potm,.ppam,.sldx,.sldm\" data-size=\"80000000\" data-size-message=\"Maximum file size allowed is 80 MB. \" data-filetype=\"avif|tar|zip|gz|gzip|7z|json|ttf|otf|svgz|doc|docx|pdf|asf|asx|wmv|wmx|wm|avi|divx|flv|mov|qt|mpeg|mpg|mpe|mp4|m4v|ogv|webm|mkv|3gp|3gpp|3g2|3gp2|mp3|m4a|m4b|ra|ram|wav|ogg|oga|mid|midi|wma|wax|mka|aac|flac|pot|pps|ppt|wri|mdb|mpp|docm|dotx|dotm|onetoc|onetoc2|onetmp|onepkg|odt|odp|odg|odc|odb|odf|pages|wp|wpd|oxps|xps|jpg|jpeg|jpe|gif|png|bmp|tiff|tif|ico|psd|xcf|heic|webp|txt|asc|c|cc|h|srt|csv|tsv|ics|rtx|rtf|vtt|xla|xls|xlt|xlw|xlsx|xlsm|xlsb|xltx|xltm|xlam|ods|numbers|class|key|pptx|pptm|ppsx|ppsm|potx|potm|ppam|sldx|sldm\" data-filetype-message=\"l\u2019extension de fichier n\u2019est pas autoris\u00e9e.\"><div class=\"forminator-multi-upload-message\" aria-hidden=\"true\"><span class=\"forminator-icon-upload\" aria-hidden=\"true\"><\/span><p>Glissez et d\u00e9posez (ou) <a class=\"forminator-upload-file--forminator-field-upload-1_6a9a6d2f4daff\" href=\"#\" onclick=\"return false;\">Choisissez des fichiers<\/a><\/p><\/div><\/div><span id=\"forminator-field-upload-1_6a9a6d2f4daff-description\" class=\"forminator-description\">Veuillez charger votre dossier complet contenant tout les documents demand\u00e9s<\/span><ul class=\"forminator-uploaded-files upload-container-upload-1_6a9a6d2f4daff\"><\/ul><\/div><\/div><\/div><input type=\"hidden\" name=\"referer_url\" value=\"\" \/><div class=\"forminator-row forminator-row-last\"><div class=\"forminator-col\"><div class=\"forminator-field\"><button class=\"forminator-button forminator-button-submit forminator-submit\">D&eacute;poser ma candidature<\/button><\/div><\/div><\/div><input type=\"hidden\" id=\"forminator_nonce\" name=\"forminator_nonce\" value=\"4d0bc66276\" \/><input type=\"hidden\" name=\"_wp_http_referer\" value=\"\/fr\/wp-json\/wp\/v2\/pages\/10234\" \/><input type=\"hidden\" name=\"form_id\" value=\"7341\"><input type=\"hidden\" name=\"page_id\" value=\"10234\"><input type=\"hidden\" name=\"form_type\" value=\"default\"><input type=\"hidden\" name=\"current_url\" value=\"https:\/\/bsa-architecture.ch\/fr\/architecte-dinterieur-orientation-retail\/\"><input type=\"hidden\" name=\"render_id\" value=\"0\"><input type=\"hidden\" name=\"forminator-multifile-hidden\" class=\"forminator-multifile-hidden\"><input type=\"hidden\" name=\"action\" value=\"forminator_submit_form_custom-forms\"><\/form>\n\t\t<\/div>\n\t\t\t\t\n<style>\n#col-122546979 > .col-inner {\n  padding: 30px 20px 10px 20px;\n}\n<\/style>\n\t<\/div>\n\n\t\n<\/div>\n\t\t<\/div>\n\t\t\t\t\n<style>\n#col-224765564 > .col-inner {\n  padding: 50px 10px 50px 10px;\n}\n@media (min-width:550px) {\n  #col-224765564 > .col-inner {\n    padding: 50px 50px 50px 50px;\n  }\n}\n<\/style>\n\t<\/div>\n\n\t\n\n<\/div>\n","protected":false},"excerpt":{"rendered":"","protected":false},"author":6,"featured_media":0,"parent":0,"menu_order":0,"comment_status":"closed","ping_status":"closed","template":"","meta":{"inline_featured_image":false,"footnotes":""},"class_list":["post-10234","page","type-page","status-publish","hentry"],"yoast_head":"<!-- This site is optimized with the Yoast SEO plugin v27.7 - https:\/\/yoast.com\/product\/yoast-seo-wordpress\/ -->\n<title>Architecte d&#039;int\u00e9rieur orientation RETAIL - BSA Architecture SA<\/title>\n<meta name=\"robots\" content=\"index, follow, max-snippet:-1, max-image-preview:large, max-video-preview:-1\" \/>\n<link rel=\"canonical\" href=\"https:\/\/bsa-architecture.ch\/fr\/architecte-dinterieur-orientation-retail\/\" \/>\n<meta property=\"og:locale\" content=\"fr_FR\" \/>\n<meta property=\"og:type\" content=\"article\" \/>\n<meta property=\"og:title\" content=\"Architecte d&#039;int\u00e9rieur orientation RETAIL - BSA Architecture SA\" \/>\n<meta property=\"og:url\" content=\"https:\/\/bsa-architecture.ch\/fr\/architecte-dinterieur-orientation-retail\/\" \/>\n<meta property=\"og:site_name\" content=\"BSA Architecture SA\" \/>\n<meta property=\"article:modified_time\" content=\"2026-02-03T12:49:13+00:00\" \/>\n<meta name=\"twitter:card\" content=\"summary_large_image\" \/>\n<meta name=\"twitter:label1\" content=\"Dur\u00e9e de lecture estim\u00e9e\" \/>\n\t<meta name=\"twitter:data1\" content=\"3 minutes\" \/>\n<script type=\"application\/ld+json\" class=\"yoast-schema-graph\">{\"@context\":\"https:\\\/\\\/schema.org\",\"@graph\":[{\"@type\":\"WebPage\",\"@id\":\"https:\\\/\\\/bsa-architecture.ch\\\/fr\\\/architecte-dinterieur-orientation-retail\\\/\",\"url\":\"https:\\\/\\\/bsa-architecture.ch\\\/fr\\\/architecte-dinterieur-orientation-retail\\\/\",\"name\":\"Architecte d'int\u00e9rieur orientation RETAIL - BSA Architecture SA\",\"isPartOf\":{\"@id\":\"https:\\\/\\\/bsa-architecture.ch\\\/#website\"},\"datePublished\":\"2026-01-29T16:50:05+00:00\",\"dateModified\":\"2026-02-03T12:49:13+00:00\",\"breadcrumb\":{\"@id\":\"https:\\\/\\\/bsa-architecture.ch\\\/fr\\\/architecte-dinterieur-orientation-retail\\\/#breadcrumb\"},\"inLanguage\":\"fr-FR\",\"potentialAction\":[{\"@type\":\"ReadAction\",\"target\":[\"https:\\\/\\\/bsa-architecture.ch\\\/fr\\\/architecte-dinterieur-orientation-retail\\\/\"]}]},{\"@type\":\"BreadcrumbList\",\"@id\":\"https:\\\/\\\/bsa-architecture.ch\\\/fr\\\/architecte-dinterieur-orientation-retail\\\/#breadcrumb\",\"itemListElement\":[{\"@type\":\"ListItem\",\"position\":1,\"name\":\"Accueil\",\"item\":\"https:\\\/\\\/bsa-architecture.ch\\\/fr\\\/\"},{\"@type\":\"ListItem\",\"position\":2,\"name\":\"Architecte d&rsquo;int\u00e9rieur orientation RETAIL\"}]},{\"@type\":\"WebSite\",\"@id\":\"https:\\\/\\\/bsa-architecture.ch\\\/#website\",\"url\":\"https:\\\/\\\/bsa-architecture.ch\\\/\",\"name\":\"BSA Architecture SA\",\"description\":\"Votre partenaire multilingue de confiance pour chaque \u00e9tape de votre projet.\",\"publisher\":{\"@id\":\"https:\\\/\\\/bsa-architecture.ch\\\/#organization\"},\"potentialAction\":[{\"@type\":\"SearchAction\",\"target\":{\"@type\":\"EntryPoint\",\"urlTemplate\":\"https:\\\/\\\/bsa-architecture.ch\\\/?s={search_term_string}\"},\"query-input\":{\"@type\":\"PropertyValueSpecification\",\"valueRequired\":true,\"valueName\":\"search_term_string\"}}],\"inLanguage\":\"fr-FR\"},{\"@type\":\"Organization\",\"@id\":\"https:\\\/\\\/bsa-architecture.ch\\\/#organization\",\"name\":\"BSA Architecture SA\",\"url\":\"https:\\\/\\\/bsa-architecture.ch\\\/\",\"logo\":{\"@type\":\"ImageObject\",\"inLanguage\":\"fr-FR\",\"@id\":\"https:\\\/\\\/bsa-architecture.ch\\\/#\\\/schema\\\/logo\\\/image\\\/\",\"url\":\"https:\\\/\\\/bsa-architecture.ch\\\/wp-content\\\/uploads\\\/2024\\\/10\\\/16-9794_BSA-ArchitectureCH_Logo.png\",\"contentUrl\":\"https:\\\/\\\/bsa-architecture.ch\\\/wp-content\\\/uploads\\\/2024\\\/10\\\/16-9794_BSA-ArchitectureCH_Logo.png\",\"width\":378,\"height\":587,\"caption\":\"BSA Architecture SA\"},\"image\":{\"@id\":\"https:\\\/\\\/bsa-architecture.ch\\\/#\\\/schema\\\/logo\\\/image\\\/\"}}]}<\/script>\n<!-- \/ Yoast SEO plugin. -->","yoast_head_json":{"title":"Architecte d'int\u00e9rieur orientation RETAIL - BSA Architecture SA","robots":{"index":"index","follow":"follow","max-snippet":"max-snippet:-1","max-image-preview":"max-image-preview:large","max-video-preview":"max-video-preview:-1"},"canonical":"https:\/\/bsa-architecture.ch\/fr\/architecte-dinterieur-orientation-retail\/","og_locale":"fr_FR","og_type":"article","og_title":"Architecte d'int\u00e9rieur orientation RETAIL - BSA Architecture SA","og_url":"https:\/\/bsa-architecture.ch\/fr\/architecte-dinterieur-orientation-retail\/","og_site_name":"BSA Architecture SA","article_modified_time":"2026-02-03T12:49:13+00:00","twitter_card":"summary_large_image","twitter_misc":{"Dur\u00e9e de lecture estim\u00e9e":"3 minutes"},"schema":{"@context":"https:\/\/schema.org","@graph":[{"@type":"WebPage","@id":"https:\/\/bsa-architecture.ch\/fr\/architecte-dinterieur-orientation-retail\/","url":"https:\/\/bsa-architecture.ch\/fr\/architecte-dinterieur-orientation-retail\/","name":"Architecte d'int\u00e9rieur orientation RETAIL - BSA Architecture SA","isPartOf":{"@id":"https:\/\/bsa-architecture.ch\/#website"},"datePublished":"2026-01-29T16:50:05+00:00","dateModified":"2026-02-03T12:49:13+00:00","breadcrumb":{"@id":"https:\/\/bsa-architecture.ch\/fr\/architecte-dinterieur-orientation-retail\/#breadcrumb"},"inLanguage":"fr-FR","potentialAction":[{"@type":"ReadAction","target":["https:\/\/bsa-architecture.ch\/fr\/architecte-dinterieur-orientation-retail\/"]}]},{"@type":"BreadcrumbList","@id":"https:\/\/bsa-architecture.ch\/fr\/architecte-dinterieur-orientation-retail\/#breadcrumb","itemListElement":[{"@type":"ListItem","position":1,"name":"Accueil","item":"https:\/\/bsa-architecture.ch\/fr\/"},{"@type":"ListItem","position":2,"name":"Architecte d&rsquo;int\u00e9rieur orientation RETAIL"}]},{"@type":"WebSite","@id":"https:\/\/bsa-architecture.ch\/#website","url":"https:\/\/bsa-architecture.ch\/","name":"BSA Architecture SA","description":"Votre partenaire multilingue de confiance pour chaque \u00e9tape de votre projet.","publisher":{"@id":"https:\/\/bsa-architecture.ch\/#organization"},"potentialAction":[{"@type":"SearchAction","target":{"@type":"EntryPoint","urlTemplate":"https:\/\/bsa-architecture.ch\/?s={search_term_string}"},"query-input":{"@type":"PropertyValueSpecification","valueRequired":true,"valueName":"search_term_string"}}],"inLanguage":"fr-FR"},{"@type":"Organization","@id":"https:\/\/bsa-architecture.ch\/#organization","name":"BSA Architecture SA","url":"https:\/\/bsa-architecture.ch\/","logo":{"@type":"ImageObject","inLanguage":"fr-FR","@id":"https:\/\/bsa-architecture.ch\/#\/schema\/logo\/image\/","url":"https:\/\/bsa-architecture.ch\/wp-content\/uploads\/2024\/10\/16-9794_BSA-ArchitectureCH_Logo.png","contentUrl":"https:\/\/bsa-architecture.ch\/wp-content\/uploads\/2024\/10\/16-9794_BSA-ArchitectureCH_Logo.png","width":378,"height":587,"caption":"BSA Architecture SA"},"image":{"@id":"https:\/\/bsa-architecture.ch\/#\/schema\/logo\/image\/"}}]}},"jetpack_sharing_enabled":true,"_links":{"self":[{"href":"https:\/\/bsa-architecture.ch\/fr\/wp-json\/wp\/v2\/pages\/10234","targetHints":{"allow":["GET"]}}],"collection":[{"href":"https:\/\/bsa-architecture.ch\/fr\/wp-json\/wp\/v2\/pages"}],"about":[{"href":"https:\/\/bsa-architecture.ch\/fr\/wp-json\/wp\/v2\/types\/page"}],"author":[{"embeddable":true,"href":"https:\/\/bsa-architecture.ch\/fr\/wp-json\/wp\/v2\/users\/6"}],"replies":[{"embeddable":true,"href":"https:\/\/bsa-architecture.ch\/fr\/wp-json\/wp\/v2\/comments?post=10234"}],"version-history":[{"count":0,"href":"https:\/\/bsa-architecture.ch\/fr\/wp-json\/wp\/v2\/pages\/10234\/revisions"}],"wp:attachment":[{"href":"https:\/\/bsa-architecture.ch\/fr\/wp-json\/wp\/v2\/media?parent=10234"}],"curies":[{"name":"wp","href":"https:\/\/api.w.org\/{rel}","templated":true}]}}